{"id":54,"date":"2025-04-10T10:05:13","date_gmt":"2025-04-10T10:05:13","guid":{"rendered":"https:\/\/claralievre.fr\/?page_id=54"},"modified":"2025-06-21T09:02:08","modified_gmt":"2025-06-21T09:02:08","slug":"mes-realisations","status":"publish","type":"page","link":"https:\/\/claralievre.fr\/index.php\/mes-realisations\/","title":{"rendered":"Mes r\u00e9alisations"},"content":{"rendered":"\n\n<h1>\n\t\t\tMes r\u00e9alisations\t<\/h1>\n\t<p>Voici quelques exemples de projets que j&rsquo;ai r\u00e9alis\u00e9s. Ils illustrent mes comp\u00e9tences en conception e-learning, ma ma\u00eetrise des outils num\u00e9riques et l&rsquo;attention que je porte \u00e0 l&rsquo;exp\u00e9rience apprenant.<\/p>\n<h2>\n\t\t\tE-learning\u00a0\t<\/h2>\n<h3>\n\t\t\tMener un entretien d&#8217;embauche \t<\/h3>\n\t<p><strong>Outils<\/strong> : iSpring<\/p>\n<p><strong>Objectif p\u00e9dagogique<\/strong> : Donner aux collaborateurs les cl\u00e9s pour conduire un entretien d&#8217;embauche efficace, adapt\u00e9 \u00e0 leur niveau d&rsquo;exp\u00e9rience.<\/p>\n<p><em>Module con\u00e7u en partenariat avec le service RH, int\u00e9grant apports th\u00e9oriques, mises en situation sc\u00e9naris\u00e9es, quiz interactifs et conseils pratiques. Deux parcours d&rsquo;apprentissage ont \u00e9t\u00e9 d\u00e9velopp\u00e9s : d\u00e9butant et exp\u00e9riment\u00e9.<\/em><\/p>\n\t\t\t\t<img decoding=\"async\" src=\"https:\/\/claralievre.fr\/wp-content\/uploads\/2025\/06\/capture-ecran-cours-RH.png\" alt=\"capture ecran cours RH\" itemprop=\"image\" height=\"772\" width=\"1218\" title=\"capture ecran cours RH\" onerror=\"this.style.display='none'\" loading='lazy' \/>\n\t\t\t<a href=\"https:\/\/claralievre.fr\/formations\/RH\" target=\"_blank\" rel=\"noopener\">\n\t\t\t\t\t\t\tVisionner le cours\n\t\t\t\t\t<\/a>\n\t\t\t\t<a href=\"https:\/\/claralievre.fr\/formations\/story.html\"  target=\"_blank\" rel=\"noopener\"  itemprop=\"url\">\n\t\t\t\t<img decoding=\"async\" src=\"https:\/\/claralievre.fr\/wp-content\/uploads\/2025\/04\/Capture-decran-2025-04-14-114242.png\" alt=\"Capture d'\u00e9cran 2025-04-14 114242\" itemprop=\"image\" height=\"696\" width=\"1252\" title=\"Capture d'\u00e9cran 2025-04-14 114242\" onerror=\"this.style.display='none'\" loading='lazy' \/>\n\t\t\t\t<\/a>\n\t\t\t<a href=\"https:\/\/claralievre.fr\/formations\/story.html\" target=\"_blank\" rel=\"noopener\">\n\t\t\t\t\t\t\tVisionner le cours\n\t\t\t\t\t<\/a>\n<h3>\n\t\t\tG\u00e9rer son temps efficacement\t<\/h3>\n\t<p><strong>Outils<\/strong> : Articulate Storyline<\/p>\n<p><strong>Objectif p\u00e9dagogique<\/strong> : Ma\u00eetriser plusieurs m\u00e9thodes pour optimiser sa gestion du temps en contexte professionnel.<\/p>\n<p><em>Conception d&rsquo;un module interactif avec parcours \u00e0 embranchements, utilisation de variables, design graphique personnalis\u00e9 et narration sc\u00e9naris\u00e9e.<\/em><\/p>\n<h3>\n\t\t\tD\u00e9buter sur Genially\t<\/h3>\n\t<p><strong>Outils<\/strong> : Genially<\/p>\n<p><strong>Objectif p\u00e9dagogique<\/strong> : S&rsquo;initier \u00e0 l&rsquo;utilisation de Genially pour cr\u00e9er des supports p\u00e9dagogiques interactifs.<\/p>\n<p><em>Cr\u00e9ation d&rsquo;un micro-module pour prendre en main l&rsquo;outil Genially, avec une approche ludique et guid\u00e9e par capsules vid\u00e9os.<\/em><\/p>\n\t\t\t\t<a href=\"https:\/\/view.genially.com\/63a30637840915001aaa210b\/interactive-content-formation-genially\"  target=\"_blank\" rel=\"noopener\"  itemprop=\"url\">\n\t\t\t\t<img decoding=\"async\" src=\"https:\/\/claralievre.fr\/wp-content\/uploads\/2025\/04\/capture-ecran-genially.png\" alt=\"capture ecran genially\" itemprop=\"image\" height=\"784\" width=\"1770\" title=\"capture ecran genially\" onerror=\"this.style.display='none'\" loading='lazy' \/>\n\t\t\t\t<\/a>\n\t\t\t<a href=\"https:\/\/view.genially.com\/63a30637840915001aaa210b\/interactive-content-formation-genially\" target=\"_blank\" rel=\"noopener\">\n\t\t\t\t\t\t\tVisionner le cours\n\t\t\t\t\t<\/a>\n<h2>\n\t\t\tVid\u00e9o p\u00e9dagogique\t<\/h2>\n<h3>\n\t\t\tLe mod\u00e8le SAMR\t<\/h3>\n\t<p><strong>Outils<\/strong> : Adobe Premiere Pro, Illustrator<\/p>\n<p><strong>Objectif p\u00e9dagogique<\/strong> : Comprendre les quatre niveaux du mod\u00e8le SAMR et leur application dans un contexte d&rsquo;int\u00e9gration du num\u00e9rique en p\u00e9dagogie.<\/p>\n<p><em>R\u00e9alisation d&rsquo;une vid\u00e9o anim\u00e9e expliquant le mod\u00e8le SAMR, avec une attention particuli\u00e8re port\u00e9e \u00e0 la clart\u00e9 visuelle et d&rsquo;accessibilit\u00e9.<\/em><\/p>\n\t\t<img width=\"1800\" height=\"826\" src=\"https:\/\/claralievre.fr\/wp-content\/uploads\/2025\/04\/capture-ecran-modela-samr.png\" alt=\"\" decoding=\"async\" loading=\"lazy\" srcset=\"https:\/\/claralievre.fr\/wp-content\/uploads\/2025\/04\/capture-ecran-modela-samr.png 1800w, https:\/\/claralievre.fr\/wp-content\/uploads\/2025\/04\/capture-ecran-modela-samr-300x138.png 300w, https:\/\/claralievre.fr\/wp-content\/uploads\/2025\/04\/capture-ecran-modela-samr-1024x470.png 1024w, https:\/\/claralievre.fr\/wp-content\/uploads\/2025\/04\/capture-ecran-modela-samr-768x352.png 768w, https:\/\/claralievre.fr\/wp-content\/uploads\/2025\/04\/capture-ecran-modela-samr-1536x705.png 1536w\" sizes=\"auto, (max-width: 1800px) 100vw, 1800px\" \/><meta itemprop=\"url\" content=\"https:\/\/claralievre.fr\/wp-content\/uploads\/2025\/04\/video-modele-SAMR.mp4\" \/><div style=\"width: 640px;\" class=\"wp-video\"><video class=\"wp-video-shortcode\" id=\"video-54-1\" width=\"640\" height=\"360\" poster=\"https:\/\/claralievre.fr\/wp-content\/uploads\/2025\/04\/capture-ecran-modela-samr.png\" preload=\"none\" controls=\"controls\"><source type=\"video\/mp4\" src=\"https:\/\/claralievre.fr\/wp-content\/uploads\/2025\/04\/video-modele-SAMR.mp4?_=1\" \/><source type=\"video\/mp4\" src=\"https:\/\/claralievre.fr\/wp-content\/uploads\/2025\/04\/video-modele-SAMR.mp4?_=1\" \/><a href=\"https:\/\/claralievre.fr\/wp-content\/uploads\/2025\/04\/video-modele-SAMR.mp4\">https:\/\/claralievre.fr\/wp-content\/uploads\/2025\/04\/video-modele-SAMR.mp4<\/a><\/video><\/div>\t\n\t\t\t<a href=\"https:\/\/claralievre.fr\/wp-content\/uploads\/2025\/04\/video-modele-SAMR.mp4\" target=\"_blank\" rel=\"noopener\">\n\t\t\t\t\t\t\tVisionner la vid\u00e9o\n\t\t\t\t\t<\/a>\n<h2>\n\t\t\tDocuments p\u00e9dagogiques\u00a0 \u00a0 \u00a0 \u00a0\u00a0\t<\/h2>\n<h3>\n\t\t\tLivret p\u00e9dagogique &#8211; F\u00eate de la Science 2024\t<\/h3>\n\t<p><strong>Outils<\/strong> : Adobe Illustrator \/ Canva<\/p>\n<p><strong>Objectif p\u00e9dagogique<\/strong> : Consolider ses connaissances sur la production d&rsquo;\u00e9nergie \u00e0 partir des \u00e9oliennes en mer<\/p>\n<p><em>Conception d&rsquo;un livret p\u00e9dagogique pour accompagner la visite p\u00e9daggoique d&rsquo;un institut pour la transition \u00e9nerg\u00e9tique (ITE) dans le cadre de la F\u00eate de la science pour un public lyc\u00e9en.\u00a0<\/em><\/p>\n\t\t\t\t<a href=\"https:\/\/claralievre.fr\/wp-content\/uploads\/2025\/06\/livret-pedagogique-FDLS-2024.pdf\"  target=\"_blank\" rel=\"noopener\"  itemprop=\"url\">\n\t\t\t\t<img decoding=\"async\" src=\"https:\/\/claralievre.fr\/wp-content\/uploads\/2025\/06\/image-livret-peda-FDLS-2024.png\" alt=\"image livret p\u00e9da FDLS 2024\" itemprop=\"image\" height=\"586\" width=\"418\" title=\"image livret p\u00e9da FDLS 2024\" onerror=\"this.style.display='none'\" loading='lazy' \/>\n\t\t\t\t<\/a>\n\t\t\t<a href=\"https:\/\/claralievre.fr\/wp-content\/uploads\/2025\/06\/livret-pedagogique-FDLS-2024.pdf\" target=\"_blank\" rel=\"noopener\">\n\t\t\t\t\t\t\tVoir le livret\n\t\t\t\t\t<\/a>\n\n","protected":false},"excerpt":{"rendered":"<p>Mes r\u00e9alisations Voici quelques exemples de projets que j&rsquo;ai r\u00e9alis\u00e9s. Ils illustrent mes comp\u00e9tences en conception e-learning, ma ma\u00eetrise des outils num\u00e9riques et l&rsquo;attention que je porte \u00e0 l&rsquo;exp\u00e9rience apprenant. E-learning\u00a0 Mener un entretien d&#8217;embauche Outils : iSpring Objectif p\u00e9dagogique : Donner aux collaborateurs les cl\u00e9s pour conduire un entretien d&#8217;embauche efficace, adapt\u00e9 \u00e0 leur&hellip;<\/p>\n","protected":false},"author":1,"featured_media":0,"parent":0,"menu_order":0,"comment_status":"closed","ping_status":"closed","template":"","meta":{"footnotes":""},"class_list":["post-54","page","type-page","status-publish","hentry"],"_links":{"self":[{"href":"https:\/\/claralievre.fr\/index.php\/wp-json\/wp\/v2\/pages\/54","targetHints":{"allow":["GET"]}}],"collection":[{"href":"https:\/\/claralievre.fr\/index.php\/wp-json\/wp\/v2\/pages"}],"about":[{"href":"https:\/\/claralievre.fr\/index.php\/wp-json\/wp\/v2\/types\/page"}],"author":[{"embeddable":true,"href":"https:\/\/claralievre.fr\/index.php\/wp-json\/wp\/v2\/users\/1"}],"replies":[{"embeddable":true,"href":"https:\/\/claralievre.fr\/index.php\/wp-json\/wp\/v2\/comments?post=54"}],"version-history":[{"count":18,"href":"https:\/\/claralievre.fr\/index.php\/wp-json\/wp\/v2\/pages\/54\/revisions"}],"predecessor-version":[{"id":590,"href":"https:\/\/claralievre.fr\/index.php\/wp-json\/wp\/v2\/pages\/54\/revisions\/590"}],"wp:attachment":[{"href":"https:\/\/claralievre.fr\/index.php\/wp-json\/wp\/v2\/media?parent=54"}],"curies":[{"name":"wp","href":"https:\/\/api.w.org\/{rel}","templated":true}]}}