{"id":10,"date":"2025-04-08T17:02:59","date_gmt":"2025-04-08T17:02:59","guid":{"rendered":"https:\/\/claralievre.fr\/?page_id=10"},"modified":"2025-06-22T21:59:49","modified_gmt":"2025-06-22T21:59:49","slug":"accueil","status":"publish","type":"page","link":"https:\/\/claralievre.fr\/","title":{"rendered":"Accueil"},"content":{"rendered":"\n\n<h1>\n\t\t\tL&rsquo;ing\u00e9nierie p\u00e9dagogique au service de vos projets\t<\/h1>\n<h2>\n\t\t\tJe con\u00e7ois des exp\u00e9riences p\u00e9dagogiques o\u00f9 chaque d\u00e9tail sert \u00e0 l&rsquo;apprentissage\u00a0\t<\/h2>\n\t\t\t<a href=\"https:\/\/claralievre.fr\/#me\" target=\"_self\">\n\t\t\t\t\t\tD\u00e9couvrir mon profil\n\t\t\t\t\t<\/a>\n\t\t\t<a href=\"https:\/\/claralievre.fr\/wp-content\/uploads\/2025\/06\/CV-Clara-LIEVRE.pdf\" download target=\"_blank\" rel=\"noopener nofollow\">\n\t\t\t\t\t\tT\u00e9l\u00e9charger mon CV\n\t\t\t\t\t<\/a>\n<h2>\n\t\t\tQui suis-je ?\t<\/h2>\n\t<p>Je suis Clara Li\u00e8vre, sp\u00e9cialis\u00e9e en <strong>conception e-learning<\/strong> et <strong>accompagnement p\u00e9dagogique<\/strong>.<\/p>\n<p>Mon parcours, entre enseignement, formation professionnelle et outils digitaux, me permet de proposer <strong>des solutions sur mesure<\/strong>, adapt\u00e9es \u00e0 chaque besoin.<\/p>\n<p>\ud83d\udccd Bas\u00e9e \u00e0 <strong>Lyon<\/strong>, j&rsquo;interviens aussi bien \u00e0 distance qu&rsquo;en pr\u00e9sentiel.<\/p>\n\t\t\t<a href=\"https:\/\/claralievre.fr\/index.php\/mes-realisations\/\" target=\"_self\">\n\t\t\t\t\t\tMes r\u00e9alisations\n\t\t\t\t\t<\/a>\n\t\t\t\t<img decoding=\"async\" src=\"https:\/\/claralievre.fr\/wp-content\/uploads\/2025\/04\/DSC00093-scaled.webp\" alt=\"DSC00093\" itemprop=\"image\" height=\"2560\" width=\"1796\" title=\"DSC00093\" onerror=\"this.style.display='none'\" loading='lazy' \/>\n<h2>\n\t\t\tCe que je propose\t<\/h2>\n\t<p><strong>Conception p\u00e9dagogique\u00a0<\/strong><\/p>\n<p>\u00a0Parcours structur\u00e9s, objectifs clairs, contenus engageants<\/p>\n\t<p><strong>Modules e-learning\u00a0<\/strong><\/p>\n<p>Articulate Storyline, Genially, iSpring, et plus encore<\/p>\n\t<p><strong>Accompagnement de formateurs<\/strong><\/p>\n<p>Co-conception, conseils m\u00e9thodologiques, animation de formation<\/p>\n\t\t\t\t<img decoding=\"async\" src=\"https:\/\/claralievre.fr\/wp-content\/uploads\/2025\/04\/DSC00120.webp\" alt=\"DSC00120\" itemprop=\"image\" height=\"1080\" width=\"1920\" title=\"DSC00120\" onerror=\"this.style.display='none'\" loading='lazy' \/>\n<h2>\n\t\t\tParlons de vos besoins\t<\/h2>\n\t<p>Vous avez un besoin en formation ? Un module \u00e0 digitaliser ? Une envie d&rsquo;innover ?<\/p>\n<p>Discutons-en.<\/p>\n\t\t\t<a href=\"https:\/\/claralievre.fr\/index.php\/me-contacter\/\" target=\"_self\">\n\t\t\t\t\t\tMe contacter\u00a0\n\t\t\t\t\t<\/a>\n\n","protected":false},"excerpt":{"rendered":"<p>L&rsquo;ing\u00e9nierie p\u00e9dagogique au service de vos projets Je con\u00e7ois des exp\u00e9riences p\u00e9dagogiques o\u00f9 chaque d\u00e9tail sert \u00e0 l&rsquo;apprentissage\u00a0 D\u00e9couvrir mon profil T\u00e9l\u00e9charger mon CV Qui suis-je ? Je suis Clara Li\u00e8vre, sp\u00e9cialis\u00e9e en conception e-learning et accompagnement p\u00e9dagogique. Mon parcours, entre enseignement, formation professionnelle et outils digitaux, me permet de proposer des solutions sur mesure,&hellip;<\/p>\n","protected":false},"author":1,"featured_media":0,"parent":0,"menu_order":0,"comment_status":"closed","ping_status":"closed","template":"","meta":{"footnotes":""},"class_list":["post-10","page","type-page","status-publish","hentry"],"_links":{"self":[{"href":"https:\/\/claralievre.fr\/index.php\/wp-json\/wp\/v2\/pages\/10","targetHints":{"allow":["GET"]}}],"collection":[{"href":"https:\/\/claralievre.fr\/index.php\/wp-json\/wp\/v2\/pages"}],"about":[{"href":"https:\/\/claralievre.fr\/index.php\/wp-json\/wp\/v2\/types\/page"}],"author":[{"embeddable":true,"href":"https:\/\/claralievre.fr\/index.php\/wp-json\/wp\/v2\/users\/1"}],"replies":[{"embeddable":true,"href":"https:\/\/claralievre.fr\/index.php\/wp-json\/wp\/v2\/comments?post=10"}],"version-history":[{"count":33,"href":"https:\/\/claralievre.fr\/index.php\/wp-json\/wp\/v2\/pages\/10\/revisions"}],"predecessor-version":[{"id":592,"href":"https:\/\/claralievre.fr\/index.php\/wp-json\/wp\/v2\/pages\/10\/revisions\/592"}],"wp:attachment":[{"href":"https:\/\/claralievre.fr\/index.php\/wp-json\/wp\/v2\/media?parent=10"}],"curies":[{"name":"wp","href":"https:\/\/api.w.org\/{rel}","templated":true}]}}